{"id":6617,"date":"2017-05-25T06:37:54","date_gmt":"2017-05-25T05:37:54","guid":{"rendered":"http:\/\/legendfest.hr\/projects\/legendin\/"},"modified":"2017-08-20T15:05:46","modified_gmt":"2017-08-20T14:05:46","slug":"legendin","status":"publish","type":"page","link":"https:\/\/legendfest.hr\/en\/projects\/legendin\/","title":{"rendered":"LegendIN"},"content":{"rendered":"<p>[vc_row container_width=&#8221;yes&#8221; full_height=&#8221;yes&#8221;][vc_column][vc_tta_tabs active_section=&#8221;5&#8243; pagination_style=&#8221;outline-round&#8221;][vc_tta_section title=&#8221;About LegendIN&#8221; tab_id=&#8221;1-LegendIN&#8221;][vc_column_text]<\/p>\n<h3>LegendIN &#8211; a creative platform for people with disabilities!<\/h3>\n<blockquote><p>With great enthusiasm, we are launching a new LegendFest project titled LegendIN &#8211; a creative platform for people with disabilities.<\/p><\/blockquote>\n<p>We are aiming to further promote the Croatian intangible heritage with this project and to provide a platform for all creative people with physical or other impairments who go beyond their limited conditions in which they operate and, despite their handicaps, successfully overcome obstacles.<\/p>\n<p><img decoding=\"async\" loading=\"lazy\" class=\"alignleft wp-image-6625 size-medium\" src=\"http:\/\/legendfest.hr\/wp-content\/uploads\/2017\/05\/legendin1-300x206.jpg\" alt=\"\" width=\"300\" height=\"206\" srcset=\"https:\/\/legendfest.hr\/wp-content\/uploads\/2017\/05\/legendin1-300x206.jpg 300w, https:\/\/legendfest.hr\/wp-content\/uploads\/2017\/05\/legendin1-768x529.jpg 768w, https:\/\/legendfest.hr\/wp-content\/uploads\/2017\/05\/legendin1.jpg 834w\" sizes=\"(max-width: 300px) 100vw, 300px\" \/><\/p>\n<p>Through LegendIN as a creative platform, we would like to design many multimedia methods and to publicize audio &#8211; visual materials that will bring the world of Croatian legends, stories and myths closer to people with disabilities and encourage them to express themselves creatively.<\/p>\n<p>The aim of the LegendIN project is to involve people with disabilities into creative activities through which they will be able to express not only their artistic talents but also their own experience of the Croatian non-material heritage. We also aim to present the results of this creative work at the LegendFest festivals as well as on our web pages, and in this way\u00a0show how much we can learn from these valuable members of our society.<\/p>\n<p>We invite people who are interested to get involved in the LegendIN project, get acquainted with people with disabilities, provide support and find\u00a0<strong>INspiration<\/strong> in their work.[\/vc_column_text][\/vc_tta_section][vc_tta_section title=&#8221;Ambasadors&#8221; tab_id=&#8221;2-Ambasadors&#8221;][vc_column_text]<\/p>\n<h3>LegendIN\u00a0Ambasadors<\/h3>\n<blockquote><p>We are proud to present the first ambassadors of LegendFest who, with their remarkable lifestyle stories, bear witness to enviable strength emerging from difficulties, the strength that drives ours and we hope your <strong>INspiration<\/strong> as well.<\/p><\/blockquote>\n<h3>GORAN THE DRAGON<\/h3>\n<p><img decoding=\"async\" loading=\"lazy\" class=\"size-medium wp-image-6727 alignleft\" src=\"http:\/\/legendfest.hr\/wp-content\/uploads\/2017\/05\/zmaj-goran-crop-300x224.jpg\" alt=\"\" width=\"300\" height=\"224\" srcset=\"https:\/\/legendfest.hr\/wp-content\/uploads\/2017\/05\/zmaj-goran-crop-300x224.jpg 300w, https:\/\/legendfest.hr\/wp-content\/uploads\/2017\/05\/zmaj-goran-crop.jpg 520w\" sizes=\"(max-width: 300px) 100vw, 300px\" \/>A kid\u2019s writer, Goran \u010cu\u010dkovi\u0107 is a daring, curious, cheerful and loving person who has been living for three years with a rare and severe peripheral nervous system disease. The very name of his present condition, the \u2018flaccid tetraplegia\u2019, indicates that his arms and legs systematically &#8216;lose control&#8217;.<\/p>\n<p>But, the dragon that he is, Goran does not surrender to despair in such difficult moments but fights back with imagination and creation. On the front line he can be seen with the purple keyboard under his fingers, persistently and firmly providing resistance to illness by writing and creating picture books that spread joy and beauty throughout the hospitals in Croatia.<\/p>\n<p>In his everyday life, he is a proud father of Lav, Adam and Max with whom he lives in Velika Mlaka near Zagreb. He is the launcher of the project \u2018Angelo the dragon helps children\u2019 for which more info can be found here:<\/p>\n<ul>\n<li><a href=\"http:\/\/zmaj-andjelko-pomaze-djeci.com\/\" target=\"_blank\" rel=\"noopener noreferrer\">http:\/\/zmaj-andjelko-pomaze-djeci.com\/<\/a><\/li>\n<li><a href=\"https:\/\/www.facebook.com\/ZmajAndjelko\" target=\"_blank\" rel=\"noopener noreferrer\">https:\/\/www.facebook.com\/ZmajAndjelko<\/a><\/li>\n<\/ul>\n<p><img decoding=\"async\" loading=\"lazy\" class=\"alignright wp-image-6594 size-medium\" src=\"http:\/\/legendfest.hr\/wp-content\/uploads\/2017\/05\/promo1-300x225.jpg\" alt=\"\" width=\"300\" height=\"225\" srcset=\"https:\/\/legendfest.hr\/wp-content\/uploads\/2017\/05\/promo1-300x225.jpg 300w, https:\/\/legendfest.hr\/wp-content\/uploads\/2017\/05\/promo1.jpg 500w\" sizes=\"(max-width: 300px) 100vw, 300px\" \/>He is the author of three picture books: \u2018Angelo the dragon and long tail\u2019, \u2018The little turtle Rita&#8217; and &#8216;Fearless mommy\u2019. Some of them have been translated into 10 languages. He is the launcher of <strong>T.E.T.R.A<\/strong>. and a retired photographer.<\/p>\n<p>More about this remarkable dragon, his work and his unwavering attitude can be found at the following links:<\/p>\n<ul>\n<li><a href=\"https:\/\/www.youtube.com\/results?search_query=tetra+spona\" target=\"_blank\" rel=\"noopener noreferrer\">https:\/\/www.youtube.com\/results?search_query=tetra+spona<\/a><\/li>\n<li><a href=\"https:\/\/www.flickr.com\/photos\/92516352@N03\/page1\/\" target=\"_blank\" rel=\"noopener noreferrer\">https:\/\/www.flickr.com\/photos\/92516352@N03\/page1\/<\/a><\/li>\n<li><a href=\"https:\/\/www.facebook.com\/ZmajAndjelko\">https:\/\/www.facebook.com\/ZmajAndjelko<\/a><\/li>\n<li><a href=\"https:\/\/youtu.be\/SM7vLUqLwkc\" target=\"_blank\" rel=\"noopener noreferrer\">https:\/\/youtu.be\/SM7vLUqLwkc<\/a><\/li>\n<\/ul>\n<p>We are delighted that Goran joined our team and participates in the LegendArt project as a main jury member for literary works on the subject of Croatian legends and myths. We hope that with our joint efforts, many new ideas will come to life because Goran has many possibilities, just like our Fairy Karmen.<\/p>\n<h3>KARMEN THE FAIRY<\/h3>\n<p><img decoding=\"async\" loading=\"lazy\" class=\"size-medium wp-image-6728 alignleft\" src=\"http:\/\/legendfest.hr\/wp-content\/uploads\/2017\/05\/Karmen-Herceg2-crop-300x280.jpeg\" alt=\"\" width=\"300\" height=\"280\" srcset=\"https:\/\/legendfest.hr\/wp-content\/uploads\/2017\/05\/Karmen-Herceg2-crop-300x280.jpeg 300w, https:\/\/legendfest.hr\/wp-content\/uploads\/2017\/05\/Karmen-Herceg2-crop-768x717.jpeg 768w, https:\/\/legendfest.hr\/wp-content\/uploads\/2017\/05\/Karmen-Herceg2-crop-1024x956.jpeg 1024w, https:\/\/legendfest.hr\/wp-content\/uploads\/2017\/05\/Karmen-Herceg2-crop-1320x1232.jpeg 1320w, https:\/\/legendfest.hr\/wp-content\/uploads\/2017\/05\/Karmen-Herceg2-crop.jpeg 1322w\" sizes=\"(max-width: 300px) 100vw, 300px\" \/>For Karmen Herceg, B.Sc. Fashion Designer and self-thought Costume Designer, we really could not decide whether to call her a DRAGON or a FAIRY. Since our wonderful collaboration has started with the \u2018Secrets of Fairies\u2019, in other words, the fairy dresses \u00a0that Karmen has made for a fashion parade at LegendFest, the nickname \u2018Fairy\u2019 perfectly fits her.<\/p>\n<p>Karmen is from \u0160ibenik and for eleven years has been operating her designer\/dressmaking business \u2018KARMEN\u2019.<\/p>\n<p>She describes herself as following: \u2018<em>I do everything by myself &#8211; from an idea in my head, sketching, cutting and sewing to ironing&#8230;<\/em><\/p>\n<p><em>I like to have everything under control and do exactly as I have imagined. It is quicker to do it all myself than explaining to others what I want, hah, hah &#8230; I do not like the fact that every story about me starts with a description of my physical handicap because it &#8220;eats&#8221; everything else right away. Okay, I&#8217;m different, but just in my physical appearance; thank God I have above average IQ and strong will and perseverance, I am constantly learning something new and I only have one life that I want to make the best of for myself and others.<\/em><\/p>\n<p><em>I volunteer, help children and look after them, I work and I have organized a couple of fashion (and humanitarian) shows.<\/em><\/p>\n<p><em><img decoding=\"async\" loading=\"lazy\" class=\"alignright size-medium wp-image-6729\" src=\"http:\/\/legendfest.hr\/wp-content\/uploads\/2017\/05\/Karmen-Herceg-crop-273x300.jpeg\" alt=\"\" width=\"273\" height=\"300\" srcset=\"https:\/\/legendfest.hr\/wp-content\/uploads\/2017\/05\/Karmen-Herceg-crop-273x300.jpeg 273w, https:\/\/legendfest.hr\/wp-content\/uploads\/2017\/05\/Karmen-Herceg-crop-768x844.jpeg 768w, https:\/\/legendfest.hr\/wp-content\/uploads\/2017\/05\/Karmen-Herceg-crop-931x1024.jpeg 931w, https:\/\/legendfest.hr\/wp-content\/uploads\/2017\/05\/Karmen-Herceg-crop.jpeg 1228w\" sizes=\"(max-width: 273px) 100vw, 273px\" \/>But I also enjoy life; I love swimming, yoga, reading books in English, writing biography, drawing&#8230; well, I do more than some with 10 fingers\u00a0?.<\/em><\/p>\n<p><em>I do not brag, I&#8217;m just realistic and I&#8217;m doing my best. I&#8217;d really like to do more, for example try my luck in film costume design, but\u2026 let\u2019s just take one step at the time.<\/em>\u2019<\/p>\n<p>We invite you to come to <strong>LegendFest at Ro\u0161ki Waterfall in NP Krka<\/strong> and see for yourself how Karmen imagined and brought to life the harmony of elements and colour that best represents the essence of these secretive fairy beings who blend with the environment so seamlessly.<\/p>\n<p>More about the strength of this exceptional woman and her work can be found at the following links:<\/p>\n<ul>\n<li><a href=\"https:\/\/www.youtube.com\/watch?v=bCGMXNk_Dhw&amp;sns=em\" target=\"_blank\" rel=\"noopener noreferrer\">https:\/\/www.youtube.com\/watch?v=bCGMXNk_Dhw&amp;sns=em<\/a><\/li>\n<li><a href=\"http:\/\/mok.hr\/volim-sibenik\/item\/22761-upoznajte-sibencane-koje-poznajete-karmen-herceg-modna-dizajnerica-koja-prkosi-svom-hendikepu\" target=\"_blank\" rel=\"noopener noreferrer\">http:\/\/mok.hr\/volim-sibenik\/item\/22761-upoznajte-sibencane-koje-poznajete-karmen-herceg-modna-dizajnerica-koja-prkosi-svom-hendikepu<\/a><\/li>\n<\/ul>\n<p>[\/vc_column_text][\/vc_tta_section][vc_tta_section title=&#8221;Collaboration&#8221; tab_id=&#8221;3-Collaboration&#8221;][vc_gallery type=&#8221;image_grid&#8221; images=&#8221;7563,7562,7564,7479,7486,7482,7483,7485,7480,7481,7487,7488,7491&#8243; img_size=&#8221;75&#215;75&#8243; title=&#8221;&#8216;Secrets of Fairies&#8217; fashion show by Karmen Herceg &#8211; LegendFest Ro\u0161ki slap 2017&#8243;][vc_empty_space][vc_column_text]More about the participation of the designer Karmen Herceg at LegendFest can be found\u00a0<strong><a href=\"http:\/\/legendfest.hr\/en\/legendin-collaborations-at-legendfest\/\">here<\/a><\/strong>.<\/p>\n<p>More about Karmen Herceg can be found\u00a0<strong><a href=\"http:\/\/legendfest.hr\/en\/projects\/legendin\/#2-Ambasadors\" rel=\"noopener\">here<\/a>.<\/strong>[\/vc_column_text][vc_gallery type=&#8221;image_grid&#8221; images=&#8221;7503,7505,7504,7502,7501,7500,7498,7492,7499,7497,7496,7495,7494,7493&#8243; img_size=&#8221;75&#215;75&#8243; title=&#8221;Association for Promoting Inclusion, \u0160ibenik &#8211; LegendFest Ro\u0161ki slap 2017&#8243;][vc_empty_space][vc_column_text]More about the creative workshop held by Association for Promoting Inclusion can be found\u00a0<strong><a href=\"http:\/\/legendfest.hr\/en\/legendin-collaborations-at-legendfest\/\">here<\/a><\/strong>.[\/vc_column_text][vc_gallery type=&#8221;image_grid&#8221; images=&#8221;7514,7513,7523,7522,7521,7512,7520,7524,7525,7526,7529,7528,7527,7530&#8243; img_size=&#8221;75&#215;75&#8243; title=&#8221;Dance group Art Laboratory and Tamara Bra\u010dun &#8211; LegendFest Pi\u0107an 2017&#8243;][vc_empty_space][vc_column_text]More about the drama dance performance &#8220;The Clarity of Illusion&#8221; and involvement of \u00a0Tamara Bra\u010dun\u00a0can be found <strong><a href=\"http:\/\/legendfest.hr\/en\/legendin-collaborations-at-legendfest\/\">here<\/a><\/strong>.<\/p>\n<p>You can read about how Tamara became part of the Rijeka Ballet Ensemble <strong><a href=\"http:\/\/www.novilist.hr\/Kultura\/Kazaliste\/Anita-Rumac-i-Tamara-Bracun-ostvarile-san-postale-dio-rijeckog-baletnog-ansambla?meta_refresh=true\" target=\"_blank\" rel=\"noopener\">here<\/a><\/strong>.[\/vc_column_text][vc_gallery type=&#8221;image_grid&#8221; images=&#8221;7666,7671,7667,7672,7669,7673,7668,7674,7681,7675,7676,7678,7679,7680&#8243; img_size=&#8221;75&#215;75&#8243; title=&#8221;Goran \u010cu\u010dkovi\u0107 &#8216;Angelo the dragon helps children&#8217; &#8211; LegendArt 2017&#8243;][vc_empty_space][vc_column_text]More about the participation of Goran \u010cu\u010dkovi\u0107 at LegegendArt can be found <a href=\"http:\/\/legendfest.hr\/en\/legendin-collaborations-at-legendfest\/\"><strong>here<\/strong><\/a>.<\/p>\n<p>More about Goran can be found <strong><a href=\"http:\/\/legendfest.hr\/en\/projects\/legendin\/#2-Ambasadors\">here<\/a><\/strong>.[\/vc_column_text][vc_empty_space][\/vc_tta_section][vc_tta_section title=&#8221;Sponsors&#8221; tab_id=&#8221;4-Sponsors&#8221;][vc_empty_space][vc_toggle title=&#8221;Sponsors 2017&#8243; style=&#8221;arrow&#8221; color=&#8221;black&#8221; open=&#8221;true&#8221; el_id=&#8221;1481724702153-22bda0c4-7452&#8243;]We invite institutions, organizations, associations and other people who are interested, to join the LegendIN project financially and\/or organizationally in order to improve the quality of life of people with disabilities and to cultivate artistic creativity, general well-being and broadening of horizons.[\/vc_toggle][\/vc_tta_section][vc_tta_section title=&#8221;Articles&#8221; tab_id=&#8221;5-Articles&#8221;][vc_column_text]<\/p>\n<h3>All articles related to\u00a0LegendIN<\/h3>\n<p>[\/vc_column_text][vc_empty_space]\t\t<div  class=\"masonry-blog masonry\"  >\n\t\t\t\n\t\t\t\t\t\t<div class=\"masonry-container columns-4\">\n\t\t\t\t\t\t\t\t\t<div class=\"loadmore-item masonry-item\">\n\t\t\t\t\t\t<div class=\"item-wrap\">\n\t\t\t\t\t\t    <div class=\"content-featured\" >\n\t\t\t\t\t\t\t\t\t\t\t\t\t\t\t\t\t<a class=\"content-thumb\" href=\"https:\/\/legendfest.hr\/en\/legendin-collaborations-at-legendfest\/\" title=\"Permalink to: &quot;LegendIN collaborations at LegendFest&quot;\">\n<img width=\"1203\" height=\"800\" src=\"https:\/\/legendfest.hr\/wp-content\/uploads\/2017\/08\/11194594_10153310773733656_4020423131452004211_o-e1464895987595.jpg\" class=\"attachment-fullwidth-fullwidth size-fullwidth-fullwidth wp-post-image\" alt=\"\" decoding=\"async\" loading=\"lazy\" srcset=\"https:\/\/legendfest.hr\/wp-content\/uploads\/2017\/08\/11194594_10153310773733656_4020423131452004211_o-e1464895987595.jpg 1203w, https:\/\/legendfest.hr\/wp-content\/uploads\/2017\/08\/11194594_10153310773733656_4020423131452004211_o-e1464895987595-300x200.jpg 300w, https:\/\/legendfest.hr\/wp-content\/uploads\/2017\/08\/11194594_10153310773733656_4020423131452004211_o-e1464895987595-768x511.jpg 768w, https:\/\/legendfest.hr\/wp-content\/uploads\/2017\/08\/11194594_10153310773733656_4020423131452004211_o-e1464895987595-1024x681.jpg 1024w\" sizes=\"(max-width: 1203px) 100vw, 1203px\" \/>\n<\/a>\t\t\t\t\t\t\t\t\t\t\t\t\t\t\t\t\t\t\t<span class=\"time\">\n\t\t\t\t\t\t\t\t\t\t\t13 August, 2017\t\t\t\t\t\t\t\t\t\t<\/span>\n\t\t\t\t\t\t\t\t\t\t\t\t\t\t\t\t\t\t\t\t\t\t\t    <\/div>\n\n\t\t\t\t\t\t    \t\t\t\t\t\t\t\t<div class=\"item-content\">\n\t\t\t\t\t\t\t\t\t\t\t\t\t\t\t\t\t\t<h3 class=\"item-title\">\n\t\t\t\t\t\t\t\t\t\t<a href=\"https:\/\/legendfest.hr\/en\/legendin-collaborations-at-legendfest\/\" title=\"Permanent link to: &quot;LegendIN collaborations at LegendFest&quot;\">LegendIN collaborations at LegendFest<\/a>\n\t\t\t\t\t\t\t\t\t<\/h3>\n\t\t\t\t\t\t\t\t\t\t\t\t\t\t\t\t\t\t<div class=\"item-excerpt\">\n\t\t\t\t\t\t\t\t\t\t<p>...<\/p>\t\t\t\t\t\t\t\t\t<\/div>\n\t\t\t\t\t\t\t\t\t<div class=\"content-social\">\n\t\t\t\t\t\t\t\t\t\t<div class=\"content-share\">\n<div class=\"noo-social social-share\">\n<a href=\"#share\" data-toggle=\"tooltip\" data-placement=\"bottom\" data-trigger=\"hover\" class=\"noo-share\" title=\"Share on Facebook\" onclick=\"window.open('http:\/\/www.facebook.com\/sharer.php?u=https%3A%2F%2Flegendfest.hr%2Fen%2Flegendin-collaborations-at-legendfest%2F&amp;t=','popupFacebook','width=650,height=270,resizable=0, toolbar=0, menubar=0, status=0, location=0, scrollbars=0'); return false;\">\n<i class=\"fa fa-facebook\"><\/i>\n<\/a>\n<a href=\"#share\" class=\"noo-share\" title=\"Share on Twitter\" onclick=\"window.open('https:\/\/twitter.com\/intent\/tweet?text=&amp;url=https%3A%2F%2Flegendfest.hr%2Fen%2Flegendin-collaborations-at-legendfest%2F','popupTwitter','width=500,height=370,resizable=0, toolbar=0, menubar=0, status=0, location=0, scrollbars=0'); return false;\">\n<i class=\"fa fa-twitter\"><\/i><\/a>\n<a href=\"#share\" class=\"noo-share\" title=\"Share on Google+\" onclick=\"window.open('https:\/\/plus.google.com\/share?url=https%3A%2F%2Flegendfest.hr%2Fen%2Flegendin-collaborations-at-legendfest%2F','popupGooglePlus','width=650,height=226,resizable=0, toolbar=0, menubar=0, status=0, location=0, scrollbars=0'); return false;\">\n<i class=\"fa fa-google-plus\"><\/i><\/a>\n<a href=\"#share\" class=\"noo-share\" title=\"Share on Pinterest\" onclick=\"window.open('http:\/\/pinterest.com\/pin\/create\/button\/?url=https%3A%2F%2Flegendfest.hr%2Fen%2Flegendin-collaborations-at-legendfest%2F&amp;media=https:\/\/legendfest.hr\/wp-content\/uploads\/2017\/08\/11194594_10153310773733656_4020423131452004211_o-e1464895987595-150x150.jpg&amp;description=','popupPinterest','width=750,height=265,resizable=0, toolbar=0, menubar=0, status=0, location=0, scrollbars=0'); return false;\">\n<i class=\"fa fa-pinterest\"><\/i><\/a>\n<\/div>\n<\/div>\t\t\t\t\t\t\t\t\t<\/div>\n\t\t\t\t\t\t\t\t<\/div>\t\n\t\t\t\t\t\t\t\n\t\t\t\t\t\t<\/div>\n\t\t\t\t\t<\/div><!--masonry-item-->\n\t\t\t\t\t\n\t\t\t\t\n\t\t\t<\/div>\n\n\t\t\t\t\t<\/div>\n\t\t[\/vc_tta_section][vc_tta_section title=&#8221;Announcements&#8221; tab_id=&#8221;6-Announcements&#8221;][vc_column_text]<\/p>\n<h3>Upcoming events related to\u00a0LegendIN<\/h3>\n<p>[\/vc_column_text][vc_empty_space]                <div class=\"noo-shortcode-events\">\n                                        \n                    <div class=\"row sc-event-wrap list\">\n                                            <\/div>\n                                    <\/div>\n            [\/vc_tta_section][\/vc_tta_tabs][vc_empty_space][\/vc_column][\/vc_row]<\/p>\n","protected":false},"excerpt":{"rendered":"<p>[vc_row container_width=&#8221;yes&#8221; full_height=&#8221;yes&#8221;][vc_column][vc_tta_tabs active_section=&#8221;5&#8243; pagination_style=&#8221;outline-round&#8221;][vc_tta_section title=&#8221;About LegendIN&#8221; tab_id=&#8221;1-LegendIN&#8221;][vc_column_text] LegendIN &#8211; a creative platform for people with disabilities! With great enthusiasm, we are launching a new LegendFest project titled LegendIN &#8211; a creative platform for people with disabilities. We are aiming to further promote the Croatian intangible heritage with this project and to provide a platform for all creative people with physical or other impairments who go beyond their limited conditions in which they operate and, despite their handicaps, successfully overcome<\/p>\n","protected":false},"author":3,"featured_media":0,"parent":4492,"menu_order":0,"comment_status":"closed","ping_status":"closed","template":"","meta":[],"_links":{"self":[{"href":"https:\/\/legendfest.hr\/en\/wp-json\/wp\/v2\/pages\/6617"}],"collection":[{"href":"https:\/\/legendfest.hr\/en\/wp-json\/wp\/v2\/pages"}],"about":[{"href":"https:\/\/legendfest.hr\/en\/wp-json\/wp\/v2\/types\/page"}],"author":[{"embeddable":true,"href":"https:\/\/legendfest.hr\/en\/wp-json\/wp\/v2\/users\/3"}],"replies":[{"embeddable":true,"href":"https:\/\/legendfest.hr\/en\/wp-json\/wp\/v2\/comments?post=6617"}],"version-history":[{"count":27,"href":"https:\/\/legendfest.hr\/en\/wp-json\/wp\/v2\/pages\/6617\/revisions"}],"predecessor-version":[{"id":7720,"href":"https:\/\/legendfest.hr\/en\/wp-json\/wp\/v2\/pages\/6617\/revisions\/7720"}],"up":[{"embeddable":true,"href":"https:\/\/legendfest.hr\/en\/wp-json\/wp\/v2\/pages\/4492"}],"wp:attachment":[{"href":"https:\/\/legendfest.hr\/en\/wp-json\/wp\/v2\/media?parent=6617"}],"curies":[{"name":"wp","href":"https:\/\/api.w.org\/{rel}","templated":true}]}}