{"id":4498,"date":"2016-11-16T08:14:36","date_gmt":"2016-11-16T07:14:36","guid":{"rendered":"http:\/\/new.legendfest.hr\/projects\/legendart\/?lang=en"},"modified":"2017-08-19T08:27:43","modified_gmt":"2017-08-19T07:27:43","slug":"legendart","status":"publish","type":"page","link":"https:\/\/legendfest.hr\/en\/projects\/legendart\/","title":{"rendered":"LegendArt"},"content":{"rendered":"<p>[vc_row container_width=&#8221;yes&#8221;][vc_column][vc_tta_tabs active_section=&#8221;5&#8243; pagination_style=&#8221;outline-round&#8221;][vc_tta_section title=&#8221;About LegendArt&#8221; tab_id=&#8221;1-LegendArt&#8221;][vc_column_text]<\/p>\n<h3>LegendArt \u2013 the creative space for children&#8217;s imagination!<\/h3>\n<p>LegendArt is the new project of Association Val kulture (Wave of culture) that began in 2015 specifically targeting the audience of primary school students from first to sixth grade. The aim of this project is to awaken children&#8217;s imagination and, through creative work, make them familiar with the importance of nurturing the rich Croatian intangible heritage, culture and traditions.<\/p>\n<p>By participating in LegendArt, students can express their creativity through the <strong>Croatian language and literature<\/strong> as well as the <strong>visual art<\/strong> and <strong>music<\/strong>. Together with their teachers, students create their literary and artistic works on the theme of legends, myths and stories of their county, and therefore revive and preserve the rich intangible heritage of their region.<\/p>\n<p>Also, the project aims to provide primary school students with the opportunity to be actively involved in educational and art workshops at the festival LegendFest and to exhibit the best student works at the festival and on our web site.<\/p>\n<p>It is our intention to involve a greater number of schools in the coming years, and not only through the visual art, but to also include musical art and Croatian language and literature.<\/p>\n<p>Our desire is that LegendArt evolves to become a regular project of LegendFest and a space in which children can create, learn, have fun, and of course, continue developing their imagination![\/vc_column_text][\/vc_tta_section][vc_tta_section title=&#8221;Registrations&#8221; tab_id=&#8221;2-Registrations&#8221;][vc_column_text]<\/p>\n<h3>Primary school applications for participation in\u00a0LegendArt 2017<\/h3>\n<p>We are inviting primary schools of Istria and \u0160ibenik-Knin counties\u00a0to participate in LegendArt through which our youngest can contribute to the revival of legends, myths and stories from their region.<\/p>\n<p>Schools conduct independent selection of the\u00a0classes that wish to take part in the competition (from first to sixth grade). After registering, teachers conduct workshops in selected subjects (art, music, Croatian language) and choose the best artistic works which are then delivered by mail or courier to the Association Val kulture (Wave of culture).<\/p>\n<p>Professional LegendArt and LegendFest jury will then choose the best art work which will be exhibited at festivals in each of these counties. The best authors will be awarded special prizes at LegendFest, where they will find out if they are elected.<\/p>\n<p>We invite you to register\u00a0your school for the competition and come to\u00a0the LegendFest and support the project, imagination and creativity of your\u00a0students![\/vc_column_text][vc_empty_space height=&#8221;50px&#8221;][vc_separator color=&#8221;custom&#8221; style=&#8221;dotted&#8221; border_width=&#8221;2&#8243; accent_color=&#8221;#96c80a&#8221;][vc_empty_space][vc_toggle title=&#8221;Applications for Istria County&#8221; style=&#8221;arrow&#8221; color=&#8221;black&#8221; el_id=&#8221;applications-legendart-pican&#8221;]The organizers of this year&#8217;s LegendArt competition are: Association Val kulture and Municipality of Pi\u0107an.<\/p>\n<p><strong>The competition\u00a0will be open until 31 May 2017.<\/strong><\/p>\n<p>This year&#8217;s LegendArt theme is\u00a0<strong>Nightmares and Dreams<\/strong>, although\u00a0art works may contain similar themes about legends, myths and stories of Istria region.<\/p>\n<p>Please register your school for the LegendArt competition first and then, after the art activities have been completed, choose the best works to be submitted via post (with note &#8216;For LegendArt&#8217;) or in person to the address of the municipality of Pi\u0107an:<\/p>\n<ul>\n<li><strong>Pi\u0107an 40, 52 332 Pi\u0107an.<\/strong><\/li>\n<\/ul>\n<p>In order to publish your artwork on our website, please email the <strong>photographs<\/strong> with details such as <strong>author&#8217;s full name, grade, school and artwork title<\/strong> at the following address:<\/p>\n<ul>\n<li><a href=\"mailto:tihana.lukez@skole.hr\">tihana.lukez@skole.hr<\/a><\/li>\n<\/ul>\n<p>Professional LegendArt and LegendFest jury will then choose the best art work which will be exhibited and awarded at the festival in\u00a0Pi\u0107an on 29th and 30th of July 2017.<\/p>\n<p>We invite you to register\u00a0your school for the competition and come to\u00a0the LegendFest Pi\u0107an and support the project, imagination and creativity of your\u00a0students![\/vc_toggle][vc_toggle title=&#8221;Applications for \u0160ibenik-Knin County&#8221; style=&#8221;arrow&#8221; color=&#8221;black&#8221; el_id=&#8221;applications-legendart-sibenik-knin&#8221;]The organizers of this year&#8217;s LegendArt competition are: Association Val kulture, Public Institution &#8220;National Park Krka&#8221; and\u00a0City Library\u00a0Juraj \u0160i\u017egori\u0107, \u0160ibenik.<\/p>\n<p><strong>The competition will be open until 31 May 2017.<\/strong><\/p>\n<p>This year&#8217;s LegendArt theme is\u00a0<strong>Fairies and Fairy Creatures<\/strong>, although\u00a0art works may contain similar themes about legends, myths and stories of \u0160ibenik-Knin region (such as &#8216;Ozi\u0111ana&#8217; cave, Krka waterfalls, old towns, water mills etc).<\/p>\n<p>Please register your school for the LegendArt competition first and then, after the art activities have been completed, choose the best works to be submitted via post (with note &#8216;For LegendArt&#8217;) or in person to the address:<\/p>\n<ul>\n<li><strong>Gradska knji\u017enica &#8216;Juraj \u0160i\u017egori\u0107 \u0160ibenik<\/strong><br \/>\n<strong>Odjel za vizualnu umjetnost<\/strong><br \/>\n<strong>Poljana 6, 22 000 \u0160ibenik<\/strong><\/li>\n<\/ul>\n<p>In order to publish your artwork on our website, please email the <strong>photographs<\/strong> with details such as <strong>author&#8217;s full name, grade, school and artwork title<\/strong> at the following address:<\/p>\n<ul>\n<li><a href=\"mailto:zbilusic@knjiznica-sibenik.hr\">zbilusic@knjiznica-sibenik.hr<\/a>\u00a0or<\/li>\n<li><a href=\"mailto:valkulture@i.t-com.hr\">valkulture@i.t-com.hr<\/a>\u00a0or\u00a0<a href=\"mailto:info@legendfest.hr\">info@legendfest.hr<\/a><\/li>\n<\/ul>\n<p>Professional LegendArt and LegendFest jury will then choose the best art work which will be exhibited and awarded at the town library &#8216;Juraj \u0160i\u017egori\u0107&#8217; \u00a0in \u0160ibenik.<\/p>\n<p>For any additional information, you can contact us on our email address\u00a0<a href=\"mailto:zbilusic@knjiznica-sibenik.hr\">zbilusic@knjiznica-sibenik.hr<\/a>\u00a0or via phone (please ask for Mrs Zdenku Bilu\u0161i\u0107) on\u00a0<strong>098 603 421.<\/strong><\/p>\n<p>We invite you to register\u00a0your school for the competition and come to\u00a0the LegendFest at Ro\u0161ki Waterfall and support the project, imagination and creativity of your\u00a0students![\/vc_toggle][\/vc_tta_section][vc_tta_section title=&#8221;Children&#8217;s works&#8221; tab_id=&#8221;3-Allworks&#8221;][vc_column_text]<\/p>\n<h2>Children&#8217;s works &#8211; Istria County 2017<\/h2>\n<p>All participating children&#8217;s work for Istria County can be downloaded here\u00a0(.PDF format):<\/p>\n<p><a href=\"http:\/\/legendfest.hr\/wp-content\/uploads\/2016\/11\/Strukovna-\u0161kola-Eugena-Kumi\u010di\u0107a-Rovinj.pdf\">Strukovna \u0161kola Eugena Kumi\u010di\u0107a Rovinj<\/a><\/p>\n<p><a href=\"http:\/\/legendfest.hr\/wp-content\/uploads\/2016\/11\/Podru\u010dna-\u0161kola-Tupljak.pdf\">Podru\u010dna \u0161kola Tupljak<\/a><\/p>\n<p><a href=\"http:\/\/legendfest.hr\/wp-content\/uploads\/2016\/11\/Podru\u010dna-\u0161kola-Kr\u0161an.pdf\">Podru\u010dna \u0161kola Kr\u0161an<\/a><\/p>\n<p><a href=\"http:\/\/legendfest.hr\/wp-content\/uploads\/2016\/11\/O\u0160-Vladimira-Nazora-Potpi\u0107an-1.pdf\">O\u0160 Vladimira Nazora Potpi\u0107an<\/a><\/p>\n<p><a href=\"http:\/\/legendfest.hr\/wp-content\/uploads\/2016\/11\/O\u0160-Joakima-Rakovca-Sveti-Lovre\u010d-Pazenati\u010dki.pdf\">O\u0160 Joakima Rakovca Sveti Lovre\u010d Pazenati\u010dki<\/a><\/p>\n<p><a href=\"http:\/\/legendfest.hr\/wp-content\/uploads\/2016\/11\/O\u0160-Ivan-Goran-Kova\u010di\u0107-\u010cepi\u0107.pdf\">O\u0160 Ivan Goran Kova\u010di\u0107 \u010cepi\u0107<\/a><\/p>\n<h2>Children&#8217;s works &#8211; \u0160ibenik-Knin County 2017<\/h2>\n<p>All participating children&#8217;s work for \u0160ibenik-Knin County can be downloaded here\u00a0(.PDF format):<\/p>\n<p><a href=\"http:\/\/legendfest.hr\/wp-content\/uploads\/2016\/11\/Osnovna_skola_-Tin_Ujevic_Sibenik.pdf\" target=\"_blank\" rel=\"noopener\">O\u0160 Tin Ujevi\u0107, \u0160ibenik<\/a><\/p>\n<p><a href=\"http:\/\/legendfest.hr\/wp-content\/uploads\/2016\/11\/Osnovna_skola_Juraj_Sizgoric_Sibenik.pdf\" target=\"_blank\" rel=\"noopener\">O\u0160 Juraj \u0160i\u017egori\u0107, \u0160ibenik<\/a><\/p>\n<p><a href=\"http:\/\/legendfest.hr\/wp-content\/uploads\/2016\/11\/Osnovna_skola_Brodarica.pdf\" target=\"_blank\" rel=\"noopener\">O\u0160 Brodarica<\/a><\/p>\n<h2>Children&#8217;s works &#8211;\u00a0Zagreb County 2016<\/h2>\n<p>All participating children&#8217;s work for Zagreb County can be downloaded here\u00a0(.PDF format):<\/p>\n<p><strong>Grade 1 to 4<\/strong><\/p>\n<p><a href=\"http:\/\/legendfest.hr\/wp-content\/uploads\/2016\/12\/o_velika_mlaka.pdf\" target=\"_blank\" rel=\"noopener\">O\u0160 Velika Mlaka<\/a><br \/>\n<a href=\"http:\/\/legendfest.hr\/wp-content\/uploads\/2016\/12\/o_borovje_o_alojzija_stepinca_krai.pdf\" target=\"_blank\" rel=\"noopener\">O\u0160 Borovje, O\u0160 Alojzija Stepinca Kra\u0161i\u0107<\/a><br \/>\n<a href=\"http:\/\/legendfest.hr\/wp-content\/uploads\/2016\/12\/o_eugena_kvaternika_p_lukavec_p_dubranec.pdf\" target=\"_blank\" rel=\"noopener\">O\u0160 Eugena Kvaternika &#8211; P\u0160 Lukavec, P\u0160 Dubranec<\/a><br \/>\n<a href=\"http:\/\/legendfest.hr\/wp-content\/uploads\/2016\/12\/o_juraj_habdeli_o_eugena_kumiia_o_itarjevo_p_mievec.pdf\" target=\"_blank\" rel=\"noopener\">O\u0160 J. Habdeli\u0107, O\u0160 E. Kumi\u010di\u0107a, O\u0160 \u0160\u010ditarjevo, P\u0160 Mi\u010devec<\/a><br \/>\n<a href=\"http:\/\/legendfest.hr\/wp-content\/uploads\/2016\/12\/o_remete_o_fran_galovi.pdf\" target=\"_blank\" rel=\"noopener\">O\u0160 Remete, O\u0160 Fran Galovi\u0107 Zagreb<\/a><\/p>\n<p><strong>Grade 5 to 8<\/strong><\/p>\n<p><a href=\"http:\/\/legendfest.hr\/wp-content\/uploads\/2016\/12\/o_nikole_hribara_o_novo_ie_o_s_kolara_kravarsko.pdf\" target=\"_blank\" rel=\"noopener\">O\u0160 Nikole Hribara, O\u0160 Novo \u010ci\u010de, O\u0160 S.Kolara Kravarsko<\/a><br \/>\n<a href=\"http:\/\/legendfest.hr\/wp-content\/uploads\/2016\/12\/o_matka_laginje_o_vrbani_zagreb.pdf\" target=\"_blank\" rel=\"noopener\">O\u0160 Matka Laginje, O\u0160 Vrbani Zagreb<\/a><br \/>\n<a href=\"http:\/\/legendfest.hr\/wp-content\/uploads\/2016\/12\/o_b_tonija_samobor_o_klina_sela_o_remete.pdf\" target=\"_blank\" rel=\"noopener\">O\u0160 B. Tonija Samobor, O\u0160 Klin\u010da Sela, O\u0160 Remete<\/a><\/p>\n<h2>Children&#8217;s work &#8211; \u0160ibenik-Knin County\u00a02016<\/h2>\n<p>All participating children&#8217;s work for \u0160ibenik &#8211; Knin County can be downloaded here\u00a0<a href=\"http:\/\/legendfest.hr\/wp-content\/uploads\/2016\/11\/SIBENIK.Legendart2016.pdf\" target=\"_blank\" rel=\"noopener\">LegendArt, \u0160ibenik16.pdf<\/a>[\/vc_column_text][\/vc_tta_section][vc_tta_section title=&#8221;Awarded works&#8221; tab_id=&#8221;4-Awards&#8221;][vc_gallery type=&#8221;image_grid&#8221; images=&#8221;7544,7545,7546,7547,7548&#8243; img_size=&#8221;75&#215;75&#8243; title=&#8221;Artworks &#8211; Istria County 2017&#8243;][vc_empty_space][vc_column_text]<em>Jury members:<\/em> Amalija Albane\u017ee &#8211; Academic painter, Tihana Luke\u017e &#8211; Professor of history, Ivo Vi\u010di\u0107 &#8211; Audio artist and \u00a0photographer and Elis Ba\u0107ac &#8211; Professor of Croatian language, masters degree in culture and tourism, poetry writer[\/vc_column_text][vc_column_text]<\/p>\n<h2>Literary works &#8211; Istria County 2017<\/h2>\n<p><strong><a href=\"http:\/\/legendfest.hr\/wp-content\/uploads\/2016\/11\/MORE-VA-PI\u0106NE-Ivano-Valkovi\u0107.pdf\">&#8220;M\u00f2re va Pi\u0107ne&#8221; (.pdf format)<\/a><\/strong>\u00a0&#8211; Ivano Valkovi\u0107, 3. raz. O\u0160 Vladimir Nazor Potpi\u0107an<\/p>\n<p><a href=\"http:\/\/legendfest.hr\/wp-content\/uploads\/2016\/11\/STRAH-OD-JAVE-Kristina-Birti\u0107.pdf\"><strong>&#8220;Strah od jave&#8221; (.pdf format)<\/strong><\/a>\u00a0&#8211; Kristina Birti\u0107 , 17. god. I. Gimnazija Osijek<\/p>\n<p><em>Jury members:<\/em> Tihana Luke\u017e &#8211; Professor of history, Elis Ba\u0107ac &#8211;\u00a0Professor of Croatian language, masters degree in culture and tourism, poetry writer, Goran \u010cu\u010dkovi\u0107 &#8211; Author of the humanitarian project &#8220;Angelo the dragon helps children&#8221;, Mirna \u010cu\u010dkovi\u010d &#8211; Promoter of the humanitarian project &#8220;Angelo the dragon helps children&#8221; and Tina Kova\u010di\u0107 &#8211; Secretary of Association ZAPD[\/vc_column_text][vc_gallery type=&#8221;image_grid&#8221; images=&#8221;6984,6985,6986&#8243; img_size=&#8221;75&#215;75&#8243; title=&#8221;Artworks &#8211; \u0160ibenik-Knin County 2017&#8243;][vc_empty_space][vc_column_text]<strong><a href=\"http:\/\/legendfest.hr\/wp-content\/uploads\/2016\/11\/Osnovna_skola_Fausta_Vrancica_Sibenik.pdf\" target=\"_blank\" rel=\"noopener\">&#8220;Legenda o Gavanovim dvorima&#8221;<\/a> <\/strong>&#8211;\u00a0\u00a0Melani Marta, Valentina i Lea Lokas &#8211; 5.b razred O\u0160 Fausta Vran\u010di\u0107a, \u0160ibenik<\/p>\n<p><em>Jury members:<\/em> Amalija Albane\u017ee &#8211; Academic painter, Iva Luli\u0107 &#8211; Professional photographer and Ivor Zidari\u0107 &#8211; President of the Association Val kulture[\/vc_column_text][vc_column_text]<\/p>\n<h2>Literary works &#8211; \u0160ibenik-Knin County 2017<\/h2>\n<p>1.\u00a0<a href=\"http:\/\/legendfest.hr\/wp-content\/uploads\/2016\/11\/Vilinska-pustolovina-1.mjesto.pdf\" target=\"_blank\" rel=\"noopener\"><strong>&#8220;Vilinska pustolovina&#8221;<\/strong><\/a>&#8211; Anja Vlahovi\u0107 &#8211; 3. razred O\u0160 Frana Galovi\u0107a, Zagreb<\/p>\n<p>2. <a href=\"http:\/\/legendfest.hr\/wp-content\/uploads\/2016\/11\/Vile-Velebita-2.mjesto.jpg\" target=\"_blank\" rel=\"noopener\"><strong>&#8220;Vile Velebita&#8221;<\/strong><\/a> &#8211; Kristina Basa \u2013 8.razred O\u0160 Petra Zorani\u0107a, Jasenice<\/p>\n<p>3. <a href=\"http:\/\/legendfest.hr\/wp-content\/uploads\/2016\/11\/LEGENDA-O-VILINIM-STOPAMA-o\u00fe-vladimir-nazor-nevidane.pdf\" target=\"_blank\" rel=\"noopener\">\u00a0<strong>&#8220;Legenda o vlinim \u00a0stopama&#8221;<\/strong> <\/a>&#8211; Marino Zalovi\u0107, 4. razred O\u0160 Vladimir Nazor, Nevi\u0111ane, Otok Pa\u0161man<\/p>\n<p><em>Jury members:<\/em> Goran \u010cu\u010dkovi\u0107 &#8211; Author of the humanitarian project &#8216;Angelo the dragon helps children&#8217;, Mirna \u010cu\u010dkovi\u010d &#8211; Promoter\u00a0of the humanitarian project &#8216;Angelo the dragon helps children&#8217; and Tina Kova\u010di\u0107 &#8211; Secretary of the Association ZAPD[\/vc_column_text][vc_gallery type=&#8221;image_grid&#8221; images=&#8221;2314,2334,2304,2318,2328,2332,2296,2298,2306,2326,2310,2320,2340,2316,2312,2344,2342,2322,2324,2300,2352,2350,2348,2308,2346,2338,2336,2302,2330&#8243; img_size=&#8221;75&#215;75&#8243; title=&#8221;Artworks &#8211; Zagreb County 2016&#8243;][vc_column_text]<\/p>\n<h2>Literary works &#8211; Zagreb County 2016<\/h2>\n<p>1.\u00a0<a href=\"http:\/\/legendfest.hr\/wp-content\/uploads\/2017\/07\/DOBAR-POLJUBAC.pdf\" target=\"_blank\" rel=\"noopener\"><strong>&#8220;Dobar Poljubac&#8221;<\/strong><\/a>&#8211; Anja Vlahovi\u0107 &#8211; 2. razred O\u0160 Frana Galovi\u0107a, Zagreb<\/p>\n<p>[\/vc_column_text][\/vc_tta_section][vc_tta_section title=&#8221;Articles&#8221; tab_id=&#8221;5-Articles&#8221;][vc_column_text]<\/p>\n<h3>All articles related to LegendArt<\/h3>\n<p>[\/vc_column_text][vc_empty_space]\t\t<div  class=\"masonry-blog masonry\"  >\n\t\t\t\n\t\t\t\t\t\t<div class=\"masonry-container columns-4\">\n\t\t\t\t\t\t\t\t\t<div class=\"loadmore-item masonry-item\">\n\t\t\t\t\t\t<div class=\"item-wrap\">\n\t\t\t\t\t\t    <div class=\"content-featured\" >\n\t\t\t\t\t\t\t\t\t\t\t\t\t\t\t\t\t<a class=\"content-thumb\" href=\"https:\/\/legendfest.hr\/en\/legendart-2017-has-ended\/\" title=\"Permalink to: &quot;LegendArt 2017 has ended&quot;\">\n<img width=\"1293\" height=\"862\" src=\"https:\/\/legendfest.hr\/wp-content\/uploads\/2017\/08\/LegendArt-3.jpg\" class=\"attachment-fullwidth-fullwidth size-fullwidth-fullwidth wp-post-image\" alt=\"\" decoding=\"async\" loading=\"lazy\" srcset=\"https:\/\/legendfest.hr\/wp-content\/uploads\/2017\/08\/LegendArt-3.jpg 1293w, https:\/\/legendfest.hr\/wp-content\/uploads\/2017\/08\/LegendArt-3-300x200.jpg 300w, https:\/\/legendfest.hr\/wp-content\/uploads\/2017\/08\/LegendArt-3-768x512.jpg 768w, https:\/\/legendfest.hr\/wp-content\/uploads\/2017\/08\/LegendArt-3-1024x683.jpg 1024w\" sizes=\"(max-width: 1293px) 100vw, 1293px\" \/>\n<\/a>\t\t\t\t\t\t\t\t\t\t\t\t\t\t\t\t\t\t\t<span class=\"time\">\n\t\t\t\t\t\t\t\t\t\t\t01 August, 2017\t\t\t\t\t\t\t\t\t\t<\/span>\n\t\t\t\t\t\t\t\t\t\t\t\t\t\t\t\t\t\t\t\t\t\t\t    <\/div>\n\n\t\t\t\t\t\t    \t\t\t\t\t\t\t\t<div class=\"item-content\">\n\t\t\t\t\t\t\t\t\t\t\t\t\t\t\t\t\t\t<h3 class=\"item-title\">\n\t\t\t\t\t\t\t\t\t\t<a href=\"https:\/\/legendfest.hr\/en\/legendart-2017-has-ended\/\" title=\"Permanent link to: &quot;LegendArt 2017 has ended&quot;\">LegendArt 2017 has ended<\/a>\n\t\t\t\t\t\t\t\t\t<\/h3>\n\t\t\t\t\t\t\t\t\t\t\t\t\t\t\t\t\t\t<div class=\"item-excerpt\">\n\t\t\t\t\t\t\t\t\t\t<p>...<\/p>\t\t\t\t\t\t\t\t\t<\/div>\n\t\t\t\t\t\t\t\t\t<div class=\"content-social\">\n\t\t\t\t\t\t\t\t\t\t<div class=\"content-share\">\n<div class=\"noo-social social-share\">\n<a href=\"#share\" data-toggle=\"tooltip\" data-placement=\"bottom\" data-trigger=\"hover\" class=\"noo-share\" title=\"Share on Facebook\" onclick=\"window.open('http:\/\/www.facebook.com\/sharer.php?u=https%3A%2F%2Flegendfest.hr%2Fen%2Flegendart-2017-has-ended%2F&amp;t=','popupFacebook','width=650,height=270,resizable=0, toolbar=0, menubar=0, status=0, location=0, scrollbars=0'); return false;\">\n<i class=\"fa fa-facebook\"><\/i>\n<\/a>\n<a href=\"#share\" class=\"noo-share\" title=\"Share on Twitter\" onclick=\"window.open('https:\/\/twitter.com\/intent\/tweet?text=&amp;url=https%3A%2F%2Flegendfest.hr%2Fen%2Flegendart-2017-has-ended%2F','popupTwitter','width=500,height=370,resizable=0, toolbar=0, menubar=0, status=0, location=0, scrollbars=0'); return false;\">\n<i class=\"fa fa-twitter\"><\/i><\/a>\n<a href=\"#share\" class=\"noo-share\" title=\"Share on Google+\" onclick=\"window.open('https:\/\/plus.google.com\/share?url=https%3A%2F%2Flegendfest.hr%2Fen%2Flegendart-2017-has-ended%2F','popupGooglePlus','width=650,height=226,resizable=0, toolbar=0, menubar=0, status=0, location=0, scrollbars=0'); return false;\">\n<i class=\"fa fa-google-plus\"><\/i><\/a>\n<a href=\"#share\" class=\"noo-share\" title=\"Share on Pinterest\" onclick=\"window.open('http:\/\/pinterest.com\/pin\/create\/button\/?url=https%3A%2F%2Flegendfest.hr%2Fen%2Flegendart-2017-has-ended%2F&amp;media=https:\/\/legendfest.hr\/wp-content\/uploads\/2017\/08\/LegendArt-3-150x150.jpg&amp;description=','popupPinterest','width=750,height=265,resizable=0, toolbar=0, menubar=0, status=0, location=0, scrollbars=0'); return false;\">\n<i class=\"fa fa-pinterest\"><\/i><\/a>\n<\/div>\n<\/div>\t\t\t\t\t\t\t\t\t<\/div>\n\t\t\t\t\t\t\t\t<\/div>\t\n\t\t\t\t\t\t\t\n\t\t\t\t\t\t<\/div>\n\t\t\t\t\t<\/div><!--masonry-item-->\n\t\t\t\t\t\n\t\t\t\t\t\t\t\t\t<div class=\"loadmore-item masonry-item\">\n\t\t\t\t\t\t<div class=\"item-wrap\">\n\t\t\t\t\t\t    <div class=\"content-featured\" >\n\t\t\t\t\t\t\t\t\t\t\t\t\t\t\t\t\t<a class=\"content-thumb\" href=\"https:\/\/legendfest.hr\/en\/legendart-in-zagreb-county-has-ended\/\" title=\"Permalink to: &quot;LegendArt in Zagreb County has ended&quot;\">\n<img width=\"1280\" height=\"800\" src=\"https:\/\/legendfest.hr\/wp-content\/uploads\/2016\/05\/13.jpg\" class=\"attachment-fullwidth-fullwidth size-fullwidth-fullwidth wp-post-image\" alt=\"\" decoding=\"async\" loading=\"lazy\" srcset=\"https:\/\/legendfest.hr\/wp-content\/uploads\/2016\/05\/13.jpg 1280w, https:\/\/legendfest.hr\/wp-content\/uploads\/2016\/05\/13-300x188.jpg 300w, https:\/\/legendfest.hr\/wp-content\/uploads\/2016\/05\/13-768x480.jpg 768w, https:\/\/legendfest.hr\/wp-content\/uploads\/2016\/05\/13-1024x640.jpg 1024w\" sizes=\"(max-width: 1280px) 100vw, 1280px\" \/>\n<\/a>\t\t\t\t\t\t\t\t\t\t\t\t\t\t\t\t\t\t\t<span class=\"time\">\n\t\t\t\t\t\t\t\t\t\t\t16 May, 2016\t\t\t\t\t\t\t\t\t\t<\/span>\n\t\t\t\t\t\t\t\t\t\t\t\t\t\t\t\t\t\t\t\t\t\t\t    <\/div>\n\n\t\t\t\t\t\t    \t\t\t\t\t\t\t\t<div class=\"item-content\">\n\t\t\t\t\t\t\t\t\t\t\t\t\t\t\t\t\t\t<h3 class=\"item-title\">\n\t\t\t\t\t\t\t\t\t\t<a href=\"https:\/\/legendfest.hr\/en\/legendart-in-zagreb-county-has-ended\/\" title=\"Permanent link to: &quot;LegendArt in Zagreb County has ended&quot;\">LegendArt in Zagreb County has ended<\/a>\n\t\t\t\t\t\t\t\t\t<\/h3>\n\t\t\t\t\t\t\t\t\t\t\t\t\t\t\t\t\t\t<div class=\"item-excerpt\">\n\t\t\t\t\t\t\t\t\t\t<p>...<\/p>\t\t\t\t\t\t\t\t\t<\/div>\n\t\t\t\t\t\t\t\t\t<div class=\"content-social\">\n\t\t\t\t\t\t\t\t\t\t<div class=\"content-share\">\n<div class=\"noo-social social-share\">\n<a href=\"#share\" data-toggle=\"tooltip\" data-placement=\"bottom\" data-trigger=\"hover\" class=\"noo-share\" title=\"Share on Facebook\" onclick=\"window.open('http:\/\/www.facebook.com\/sharer.php?u=https%3A%2F%2Flegendfest.hr%2Fen%2Flegendart-in-zagreb-county-has-ended%2F&amp;t=','popupFacebook','width=650,height=270,resizable=0, toolbar=0, menubar=0, status=0, location=0, scrollbars=0'); return false;\">\n<i class=\"fa fa-facebook\"><\/i>\n<\/a>\n<a href=\"#share\" class=\"noo-share\" title=\"Share on Twitter\" onclick=\"window.open('https:\/\/twitter.com\/intent\/tweet?text=&amp;url=https%3A%2F%2Flegendfest.hr%2Fen%2Flegendart-in-zagreb-county-has-ended%2F','popupTwitter','width=500,height=370,resizable=0, toolbar=0, menubar=0, status=0, location=0, scrollbars=0'); return false;\">\n<i class=\"fa fa-twitter\"><\/i><\/a>\n<a href=\"#share\" class=\"noo-share\" title=\"Share on Google+\" onclick=\"window.open('https:\/\/plus.google.com\/share?url=https%3A%2F%2Flegendfest.hr%2Fen%2Flegendart-in-zagreb-county-has-ended%2F','popupGooglePlus','width=650,height=226,resizable=0, toolbar=0, menubar=0, status=0, location=0, scrollbars=0'); return false;\">\n<i class=\"fa fa-google-plus\"><\/i><\/a>\n<a href=\"#share\" class=\"noo-share\" title=\"Share on Pinterest\" onclick=\"window.open('http:\/\/pinterest.com\/pin\/create\/button\/?url=https%3A%2F%2Flegendfest.hr%2Fen%2Flegendart-in-zagreb-county-has-ended%2F&amp;media=https:\/\/legendfest.hr\/wp-content\/uploads\/2016\/05\/13-150x150.jpg&amp;description=','popupPinterest','width=750,height=265,resizable=0, toolbar=0, menubar=0, status=0, location=0, scrollbars=0'); return false;\">\n<i class=\"fa fa-pinterest\"><\/i><\/a>\n<\/div>\n<\/div>\t\t\t\t\t\t\t\t\t<\/div>\n\t\t\t\t\t\t\t\t<\/div>\t\n\t\t\t\t\t\t\t\n\t\t\t\t\t\t<\/div>\n\t\t\t\t\t<\/div><!--masonry-item-->\n\t\t\t\t\t\n\t\t\t\t\t\t\t\t\t<div class=\"loadmore-item masonry-item\">\n\t\t\t\t\t\t<div class=\"item-wrap\">\n\t\t\t\t\t\t    <div class=\"content-featured\" >\n\t\t\t\t\t\t\t\t\t\t\t\t\t\t\t\t\t<a class=\"content-thumb\" href=\"https:\/\/legendfest.hr\/en\/legendart-2016-u-tri-hrvatske-zupanije\/\" title=\"Permalink to: &quot;LegendArt 2016 in three Croatian Counties&quot;\">\n<img width=\"1280\" height=\"800\" src=\"https:\/\/legendfest.hr\/wp-content\/uploads\/2016\/11\/legendart_1280-800.jpg\" class=\"attachment-fullwidth-fullwidth size-fullwidth-fullwidth wp-post-image\" alt=\"\" decoding=\"async\" loading=\"lazy\" srcset=\"https:\/\/legendfest.hr\/wp-content\/uploads\/2016\/11\/legendart_1280-800.jpg 1280w, https:\/\/legendfest.hr\/wp-content\/uploads\/2016\/11\/legendart_1280-800-300x188.jpg 300w, https:\/\/legendfest.hr\/wp-content\/uploads\/2016\/11\/legendart_1280-800-768x480.jpg 768w, https:\/\/legendfest.hr\/wp-content\/uploads\/2016\/11\/legendart_1280-800-1024x640.jpg 1024w\" sizes=\"(max-width: 1280px) 100vw, 1280px\" \/>\n<\/a>\t\t\t\t\t\t\t\t\t\t\t\t\t\t\t\t\t\t\t<span class=\"time\">\n\t\t\t\t\t\t\t\t\t\t\t01 May, 2016\t\t\t\t\t\t\t\t\t\t<\/span>\n\t\t\t\t\t\t\t\t\t\t\t\t\t\t\t\t\t\t\t\t\t\t\t    <\/div>\n\n\t\t\t\t\t\t    \t\t\t\t\t\t\t\t<div class=\"item-content\">\n\t\t\t\t\t\t\t\t\t\t\t\t\t\t\t\t\t\t<h3 class=\"item-title\">\n\t\t\t\t\t\t\t\t\t\t<a href=\"https:\/\/legendfest.hr\/en\/legendart-2016-u-tri-hrvatske-zupanije\/\" title=\"Permanent link to: &quot;LegendArt 2016 in three Croatian Counties&quot;\">LegendArt 2016 in three Croatian Counties<\/a>\n\t\t\t\t\t\t\t\t\t<\/h3>\n\t\t\t\t\t\t\t\t\t\t\t\t\t\t\t\t\t\t<div class=\"item-excerpt\">\n\t\t\t\t\t\t\t\t\t\t<p>...<\/p>\t\t\t\t\t\t\t\t\t<\/div>\n\t\t\t\t\t\t\t\t\t<div class=\"content-social\">\n\t\t\t\t\t\t\t\t\t\t<div class=\"content-share\">\n<div class=\"noo-social social-share\">\n<a href=\"#share\" data-toggle=\"tooltip\" data-placement=\"bottom\" data-trigger=\"hover\" class=\"noo-share\" title=\"Share on Facebook\" onclick=\"window.open('http:\/\/www.facebook.com\/sharer.php?u=https%3A%2F%2Flegendfest.hr%2Fen%2Flegendart-2016-u-tri-hrvatske-zupanije%2F&amp;t=','popupFacebook','width=650,height=270,resizable=0, toolbar=0, menubar=0, status=0, location=0, scrollbars=0'); return false;\">\n<i class=\"fa fa-facebook\"><\/i>\n<\/a>\n<a href=\"#share\" class=\"noo-share\" title=\"Share on Twitter\" onclick=\"window.open('https:\/\/twitter.com\/intent\/tweet?text=&amp;url=https%3A%2F%2Flegendfest.hr%2Fen%2Flegendart-2016-u-tri-hrvatske-zupanije%2F','popupTwitter','width=500,height=370,resizable=0, toolbar=0, menubar=0, status=0, location=0, scrollbars=0'); return false;\">\n<i class=\"fa fa-twitter\"><\/i><\/a>\n<a href=\"#share\" class=\"noo-share\" title=\"Share on Google+\" onclick=\"window.open('https:\/\/plus.google.com\/share?url=https%3A%2F%2Flegendfest.hr%2Fen%2Flegendart-2016-u-tri-hrvatske-zupanije%2F','popupGooglePlus','width=650,height=226,resizable=0, toolbar=0, menubar=0, status=0, location=0, scrollbars=0'); return false;\">\n<i class=\"fa fa-google-plus\"><\/i><\/a>\n<a href=\"#share\" class=\"noo-share\" title=\"Share on Pinterest\" onclick=\"window.open('http:\/\/pinterest.com\/pin\/create\/button\/?url=https%3A%2F%2Flegendfest.hr%2Fen%2Flegendart-2016-u-tri-hrvatske-zupanije%2F&amp;media=https:\/\/legendfest.hr\/wp-content\/uploads\/2016\/11\/legendart_1280-800-150x150.jpg&amp;description=','popupPinterest','width=750,height=265,resizable=0, toolbar=0, menubar=0, status=0, location=0, scrollbars=0'); return false;\">\n<i class=\"fa fa-pinterest\"><\/i><\/a>\n<\/div>\n<\/div>\t\t\t\t\t\t\t\t\t<\/div>\n\t\t\t\t\t\t\t\t<\/div>\t\n\t\t\t\t\t\t\t\n\t\t\t\t\t\t<\/div>\n\t\t\t\t\t<\/div><!--masonry-item-->\n\t\t\t\t\t\n\t\t\t\t\n\t\t\t<\/div>\n\n\t\t\t\t\t<\/div>\n\t\t[\/vc_tta_section][\/vc_tta_tabs][vc_empty_space][\/vc_column][\/vc_row][vc_row][vc_column][\/vc_column][\/vc_row]<\/p>\n","protected":false},"excerpt":{"rendered":"<p>[vc_row container_width=&#8221;yes&#8221;][vc_column][vc_tta_tabs active_section=&#8221;5&#8243; pagination_style=&#8221;outline-round&#8221;][vc_tta_section title=&#8221;About LegendArt&#8221; tab_id=&#8221;1-LegendArt&#8221;][vc_column_text] LegendArt \u2013 the creative space for children&#8217;s imagination! LegendArt is the new project of Association Val kulture (Wave of culture) that began in 2015 specifically targeting the audience of primary school students from first to sixth grade. The aim of this project is to awaken children&#8217;s imagination and, through creative work, make them familiar with the importance of nurturing the rich Croatian intangible heritage, culture and traditions. By participating in LegendArt, students can<\/p>\n","protected":false},"author":3,"featured_media":0,"parent":4492,"menu_order":0,"comment_status":"closed","ping_status":"closed","template":"","meta":[],"_links":{"self":[{"href":"https:\/\/legendfest.hr\/en\/wp-json\/wp\/v2\/pages\/4498"}],"collection":[{"href":"https:\/\/legendfest.hr\/en\/wp-json\/wp\/v2\/pages"}],"about":[{"href":"https:\/\/legendfest.hr\/en\/wp-json\/wp\/v2\/types\/page"}],"author":[{"embeddable":true,"href":"https:\/\/legendfest.hr\/en\/wp-json\/wp\/v2\/users\/3"}],"replies":[{"embeddable":true,"href":"https:\/\/legendfest.hr\/en\/wp-json\/wp\/v2\/comments?post=4498"}],"version-history":[{"count":21,"href":"https:\/\/legendfest.hr\/en\/wp-json\/wp\/v2\/pages\/4498\/revisions"}],"predecessor-version":[{"id":7650,"href":"https:\/\/legendfest.hr\/en\/wp-json\/wp\/v2\/pages\/4498\/revisions\/7650"}],"up":[{"embeddable":true,"href":"https:\/\/legendfest.hr\/en\/wp-json\/wp\/v2\/pages\/4492"}],"wp:attachment":[{"href":"https:\/\/legendfest.hr\/en\/wp-json\/wp\/v2\/media?parent=4498"}],"curies":[{"name":"wp","href":"https:\/\/api.w.org\/{rel}","templated":true}]}}